{"id":424,"date":"2017-06-06T16:10:59","date_gmt":"2017-06-06T14:10:59","guid":{"rendered":"http:\/\/materlivres.org\/?page_id=424"},"modified":"2017-06-06T16:13:01","modified_gmt":"2017-06-06T14:13:01","slug":"les-programmes-2015","status":"publish","type":"page","link":"https:\/\/materlivres.org\/?page_id=424","title":{"rendered":"Les programmes 2015"},"content":{"rendered":"<h3>Une \u00e9cole qui organise des modalit\u00e9s sp\u00e9cifiques d&#8217;apprentissage<\/h3>\n<p>L\u2019enseignant favorise les interactions entre enfants et cr\u00e9e les conditions d&#8217;une attention partag\u00e9e, la prise en compte du point de vue de l&#8217;autre en visant l&#8217;insertion dans une communaut\u00e9 d&#8217;apprentissage. Il d\u00e9veloppe leur capacit\u00e9 \u00e0 interagir \u00e0 travers des projets, pour r\u00e9aliser des productions adapt\u00e9es \u00e0 leurs possibilit\u00e9s. Il sait utiliser les supports num\u00e9riques qui, comme les autres supports, ont leur place \u00e0 l&#8217;\u00e9cole maternelle<\/p>\n<h3>Une \u00e9cole o\u00f9 les enfants vont apprendre ensemble et vivre ensemble<\/h3>\n<p>L&#8217;\u00e9cole maternelle structure les apprentissages autour d&#8217;un enjeu de formation central pour les enfants\u00a0: \u00ab\u00a0Apprendre ensemble et vivre ensemble \u00bb. La classe et le groupe constituent une communaut\u00e9 d&#8217;apprentissage qui \u00e9tablit les bases de la construction d&#8217;une citoyennet\u00e9 respectueuse des r\u00e8gles de la la\u00efcit\u00e9 et ouverte sur la pluralit\u00e9 des cultures dans le monde.<\/p>\n<h3>\u00c9changer et r\u00e9fl\u00e9chir avec les autres<\/h3>\n<p>Les moments de langage \u00e0 plusieurs sont nombreux \u00e0 l&#8217;\u00e9cole maternelle\u00a0: r\u00e9solution de probl\u00e8mes, prises de d\u00e9cisions collectives, compr\u00e9hension d&#8217;histoires entendues, etc. Il y a alors argumentation, explication, questions, int\u00e9r\u00eat pour ce que les autres croient, pensent et savent. L&#8217;enseignant commente alors l&#8217;activit\u00e9 qui se d\u00e9roule pour en faire ressortir l&#8217;importance et la finalit\u00e9.<\/p>\n<p>L&#8217;\u00e9cole demande r\u00e9guli\u00e8rement aux \u00e9l\u00e8ves d&#8217;\u00e9voquer, c&#8217;est\u2010\u00e0\u2010dire de parler de ce qui n&#8217;est pas pr\u00e9sent (r\u00e9cits d&#8217;exp\u00e9riences pass\u00e9es, projets de classe&#8230;). Ces situations d&#8217;\u00e9vocation entra\u00eenent les \u00e9l\u00e8ves \u00e0 mobiliser le langage pour se faire comprendre sans autre appui, elles leur offrent un moyen de s&#8217;entra\u00eener \u00e0 s&#8217;exprimer de mani\u00e8re de plus en plus explicite. Cette habilet\u00e9 langagi\u00e8re rel\u00e8ve d&#8217;un d\u00e9veloppement continu qui commence t\u00f4t et qui ne sera constitu\u00e9 que vers huit ans. Le r\u00f4le de l&#8217;enseignant est d&#8217;induire du recul et de la r\u00e9flexion sur les propos tenus par les uns et les autres.<\/p>\n<h3>D\u00e9couvrir la fonction de l&#8217;\u00e9crit<\/h3>\n<p>L&#8217;objectif est de permettre aux enfants de comprendre que les signes \u00e9crits qu&#8217;ils per\u00e7oivent valent du langage\u00a0: en r\u00e9ception, l&#8217;\u00e9crit donne acc\u00e8s \u00e0 la parole de quelqu&#8217;un et, en production, il permet de s&#8217;adresser \u00e0 quelqu&#8217;un qui est absent ou de garder pour soi une trace de ce qui ne saurait \u00eatre oubli\u00e9. L&#8217;\u00e9crit transmet, donne ou rappelle des informations et fait imaginer\u00a0: il a des incidences cognitives sur celui qui le lit. \u00c0 l&#8217;\u00e9cole maternelle, les enfants le d\u00e9couvrent en\u00a0utilisant divers supports (livres vari\u00e9s, affiches, lettres, messages \u00e9lectroniques ou t\u00e9l\u00e9phoniques, \u00e9tiquettes, etc.) en relation avec des situations ou des projets qui les rendent n\u00e9cessaires\u00a0; ils en font une exp\u00e9rience plus pr\u00e9cise encore quand ils sont spectateurs d&#8217;une \u00e9criture adress\u00e9e et quand ils constatent eux\u2010m\u00eames les effets que produisent les \u00e9crits sur ceux qui les re\u00e7oivent.<\/p>\n<h3>Commencer \u00e0 produire des \u00e9crits et en d\u00e9couvrir le fonctionnement<\/h3>\n<p>C&#8217;est l&#8217;enseignant qui juge du moment o\u00f9 les enfants sont pr\u00eats \u00e0 prendre en charge eux\u2010m\u00eames une partie des activit\u00e9s que les adultes m\u00e8nent avec l&#8217;\u00e9crit. Et comme il n&#8217;y a pas de pr\u00e9\u2010lecture \u00e0 l&#8217;\u00e9cole maternelle, cette prise en charge partielle se fait en production et largement avec l&#8217;aide d&#8217;un adulte. Toute production d&#8217;\u00e9crits n\u00e9cessite diff\u00e9rentes \u00e9tapes et donc de la dur\u00e9e avant d&#8217;aboutir\u00a0; la phase d&#8217;\u00e9laboration orale pr\u00e9alable du message est fondamentale, notamment parce qu&#8217;elle permet la prise de conscience des transformations n\u00e9cessaires d&#8217;un propos oral en phrases \u00e0 \u00e9crire. La technique de dict\u00e9e \u00e0 l&#8217;adulte concerne l&#8217;une de ces \u00e9tapes qui est la r\u00e9daction proprement dite. Ces exp\u00e9riences pr\u00e9coces de productions g\u00e9n\u00e8rent une prise de conscience du pouvoir que donne la ma\u00eetrise de l&#8217;\u00e9crit.<\/p>\n<h3>D\u00e9couvrir diff\u00e9rents milieux<\/h3>\n<p>\u00c0 partir des exp\u00e9riences v\u00e9cues \u00e0 l&#8217;\u00e9cole et en dehors de celle-ci par les enfants de la classe et des occasions qu&#8217;il provoque, l&#8217;enseignant favorise \u00e9galement une premi\u00e8re d\u00e9couverte de pays et de cultures pour les ouvrir \u00e0 la diversit\u00e9 du monde. Cette d\u00e9couverte peut se faire en lien avec une premi\u00e8re sensibilisation \u00e0 la pluralit\u00e9 des langues.<\/p>\n<h3>Utiliser des outils num\u00e9riques<\/h3>\n<p>D\u00e8s leur plus jeune \u00e2ge, les enfants sont en contact avec les nouvelles technologies. Le r\u00f4le de l&#8217;\u00e9cole est de leur donner des rep\u00e8res pour en comprendre l&#8217;utilit\u00e9 et commencer \u00e0 les utiliser de mani\u00e8re adapt\u00e9e (tablette num\u00e9rique, ordinateur, appareil photo num\u00e9rique&#8230;). Des recherches cibl\u00e9es, via le r\u00e9seau Internet, sont effectu\u00e9es et comment\u00e9es par l&#8217;enseignant.<\/p>\n<p>Des projets de classe ou d&#8217;\u00e9cole induisant des relations avec d&#8217;autres enfants favorisent des exp\u00e9riences de communication \u00e0 distance. L&#8217;enseignant \u00e9voque avec les enfants l&#8217;id\u00e9e d&#8217;un monde en r\u00e9seau qui peut permettre de parler \u00e0 d&#8217;autres personnes parfois tr\u00e8s \u00e9loign\u00e9es.<\/p>\n","protected":false},"excerpt":{"rendered":"<p>Une \u00e9cole qui organise des modalit\u00e9s sp\u00e9cifiques d&#8217;apprentissage L\u2019enseignant favorise les interactions entre enfants et cr\u00e9e les conditions d&#8217;une attention partag\u00e9e, la prise en compte du point de vue de l&#8217;autre en visant l&#8217;insertion dans une communaut\u00e9 d&#8217;apprentissage. Il d\u00e9veloppe leur capacit\u00e9 \u00e0 interagir \u00e0 travers des projets, pour r\u00e9aliser des productions adapt\u00e9es \u00e0 leurs &hellip; <\/p>\n<p class=\"link-more\"><a href=\"https:\/\/materlivres.org\/?page_id=424\" class=\"more-link\">Continuer la lecture<span class=\"screen-reader-text\"> de &laquo;&nbsp;Les programmes 2015&nbsp;&raquo;<\/span><\/a><\/p>\n","protected":false},"author":2,"featured_media":0,"parent":0,"menu_order":0,"comment_status":"closed","ping_status":"closed","template":"","meta":{"footnotes":""},"_links":{"self":[{"href":"https:\/\/materlivres.org\/index.php?rest_route=\/wp\/v2\/pages\/424"}],"collection":[{"href":"https:\/\/materlivres.org\/index.php?rest_route=\/wp\/v2\/pages"}],"about":[{"href":"https:\/\/materlivres.org\/index.php?rest_route=\/wp\/v2\/types\/page"}],"author":[{"embeddable":true,"href":"https:\/\/materlivres.org\/index.php?rest_route=\/wp\/v2\/users\/2"}],"replies":[{"embeddable":true,"href":"https:\/\/materlivres.org\/index.php?rest_route=%2Fwp%2Fv2%2Fcomments&post=424"}],"version-history":[{"count":2,"href":"https:\/\/materlivres.org\/index.php?rest_route=\/wp\/v2\/pages\/424\/revisions"}],"predecessor-version":[{"id":427,"href":"https:\/\/materlivres.org\/index.php?rest_route=\/wp\/v2\/pages\/424\/revisions\/427"}],"wp:attachment":[{"href":"https:\/\/materlivres.org\/index.php?rest_route=%2Fwp%2Fv2%2Fmedia&parent=424"}],"curies":[{"name":"wp","href":"https:\/\/api.w.org\/{rel}","templated":true}]}}