{"id":2911,"date":"2022-12-08T08:17:16","date_gmt":"2022-12-08T07:17:16","guid":{"rendered":"https:\/\/materlivres.org\/?page_id=2911"},"modified":"2022-12-09T08:00:37","modified_gmt":"2022-12-09T07:00:37","slug":"nos-illustratrices-nos-illustrateurs","status":"publish","type":"page","link":"https:\/\/materlivres.org\/?page_id=2911","title":{"rendered":"Nos illustratrices\/ Nos illustrateurs"},"content":{"rendered":"\n<h2 class=\"wp-block-heading\">PIERRE CAILLOU<\/h2>\n\n\n\n<div class=\"wp-block-columns is-layout-flex wp-container-core-columns-layout-1 wp-block-columns-is-layout-flex\">\n<div class=\"wp-block-column is-layout-flow wp-block-column-is-layout-flow\" style=\"flex-basis:25%\">\n<p><\/p>\n\n\n\n<p>INSTAGRAM : <\/p>\n\n\n\n<p>pierre.caillou.illustrateur<\/p>\n\n\n\n<p>SITE : <\/p>\n\n\n\n<p><a rel=\"noreferrer noopener\" href=\"http:\/\/www.pierrecaillou.fr\" target=\"_blank\">http:\/\/www.pierrecaillou.fr<\/a><\/p>\n\n\n\n<p><\/p>\n<\/div>\n\n\n\n<div class=\"wp-block-column is-layout-flow wp-block-column-is-layout-flow\" style=\"flex-basis:50%\">\n<p>N\u00e9 \u00e0 Dijon dans les odeurs de colza, de pain d&#8217;\u00e9pice, et d&#8217;oeufs en meurette, il a entrepris dans son enfance, de couvrir de ses dessins, le papier peint de sa chambre.<\/p>\n\n\n\n<p>Des ann\u00e9es plus tard, il a troqu\u00e9 ses crayons contre un mac avec tablette graphique.<\/p>\n\n\n\n<p>Influenc\u00e9 par les tex avery, les disney du dimanche apr\u00e8s-midi, les \u00e9missions Tac au tac de l&#8217;ORTF, et D\u00e9clic du mercredi apr\u00e8s-midi,<\/p>\n\n\n\n<p>il dessine aujourd&#8217;hui pour les bouts de chou, des histoires, des jeux, des documentaires avec humour et tendresse.<\/p>\n\n\n\n<p>Il est publi\u00e9 chez NATHAN, MILAN, BAYARD, TOURBILLON, etc.<\/p>\n<\/div>\n\n\n\n<div class=\"wp-block-column is-layout-flow wp-block-column-is-layout-flow\" style=\"flex-basis:25%\">\n<p><\/p>\n\n\n\n<figure class=\"wp-block-image size-full\"><img loading=\"lazy\" decoding=\"async\" width=\"707\" height=\"1000\" src=\"https:\/\/materlivres.org\/wp-content\/uploads\/2022\/12\/CRABE-et-PIEUVRE.jpg\" alt=\"\" class=\"wp-image-2927\" srcset=\"https:\/\/materlivres.org\/wp-content\/uploads\/2022\/12\/CRABE-et-PIEUVRE.jpg 707w, https:\/\/materlivres.org\/wp-content\/uploads\/2022\/12\/CRABE-et-PIEUVRE-212x300.jpg 212w, https:\/\/materlivres.org\/wp-content\/uploads\/2022\/12\/CRABE-et-PIEUVRE-600x849.jpg 600w\" sizes=\"(max-width: 707px) 100vw, 707px\" \/><\/figure>\n\n\n\n<p><\/p>\n\n\n\n<p><\/p>\n<\/div>\n<\/div>\n","protected":false},"excerpt":{"rendered":"<p>PIERRE CAILLOU INSTAGRAM : pierre.caillou.illustrateur SITE : http:\/\/www.pierrecaillou.fr N\u00e9 \u00e0 Dijon dans les odeurs de colza, de pain d&#8217;\u00e9pice, et d&#8217;oeufs en meurette, il a entrepris dans son enfance, de couvrir de ses dessins, le papier peint de sa chambre. Des ann\u00e9es plus tard, il a troqu\u00e9 ses crayons contre un mac avec tablette graphique. &hellip; <\/p>\n<p class=\"link-more\"><a href=\"https:\/\/materlivres.org\/?page_id=2911\" class=\"more-link\">Continuer la lecture<span class=\"screen-reader-text\"> de &laquo;&nbsp;Nos illustratrices\/ Nos illustrateurs&nbsp;&raquo;<\/span><\/a><\/p>\n","protected":false},"author":2,"featured_media":0,"parent":0,"menu_order":0,"comment_status":"closed","ping_status":"closed","template":"","meta":{"footnotes":""},"_links":{"self":[{"href":"https:\/\/materlivres.org\/index.php?rest_route=\/wp\/v2\/pages\/2911"}],"collection":[{"href":"https:\/\/materlivres.org\/index.php?rest_route=\/wp\/v2\/pages"}],"about":[{"href":"https:\/\/materlivres.org\/index.php?rest_route=\/wp\/v2\/types\/page"}],"author":[{"embeddable":true,"href":"https:\/\/materlivres.org\/index.php?rest_route=\/wp\/v2\/users\/2"}],"replies":[{"embeddable":true,"href":"https:\/\/materlivres.org\/index.php?rest_route=%2Fwp%2Fv2%2Fcomments&post=2911"}],"version-history":[{"count":5,"href":"https:\/\/materlivres.org\/index.php?rest_route=\/wp\/v2\/pages\/2911\/revisions"}],"predecessor-version":[{"id":2937,"href":"https:\/\/materlivres.org\/index.php?rest_route=\/wp\/v2\/pages\/2911\/revisions\/2937"}],"wp:attachment":[{"href":"https:\/\/materlivres.org\/index.php?rest_route=%2Fwp%2Fv2%2Fmedia&parent=2911"}],"curies":[{"name":"wp","href":"https:\/\/api.w.org\/{rel}","templated":true}]}}